{"id":39246,"date":"2022-01-11T11:55:58","date_gmt":"2022-01-11T10:55:58","guid":{"rendered":"https:\/\/fenbro.com\/products\/innen-furnierte-mdf-fensterbaenke\/"},"modified":"2024-10-24T15:35:10","modified_gmt":"2024-10-24T13:35:10","slug":"innen-furnierte-mdf-fensterbaenke","status":"publish","type":"fenbro_product","link":"https:\/\/fenbro.com\/de\/products\/innen-furnierte-mdf-fensterbaenke\/","title":{"rendered":"Innen furnierte MDF-Fensterb\u00e4nke"},"content":{"rendered":"\r\n<p>Furnierte MDF-Fensterb\u00e4nke f\u00fcr den Innenbereich sind hochwertige Produkte, die eine hohe \u00c4sthetik mit einer ausgezeichneten Widerstandsf\u00e4higkeit gegen Sch\u00e4den und Feuchtigkeit verbinden. Je nach Modell k\u00f6nnen Sie eine L\u00f6sung w\u00e4hlen, die mit PVC-Folie, Laminat oder bew\u00e4hrten Holzlacken beschichtet ist.<\/p>\r\n\r\n\r\n\r\n<h2 class=\"wp-block-heading\">Furnierte MDF-Fensterb\u00e4nke f\u00fcr innen &#8211; Vorteile:<\/h2>\r\n\r\n\r\n\r\n<ul class=\"wp-block-list\">\r\n<li>Eine Auswahl an L\u00f6sungen mit PVC-Folie, Laminat oder bew\u00e4hrten Holzlacken f\u00fcr Langlebigkeit und Widerstandsf\u00e4higkeit gegen Kratzer und UV-Strahlung<\/li>\r\n<li>Leicht zu installierende und leicht zu reinigende Fensterb\u00e4nke<\/li>\r\n<li>Perfekt geeignet f\u00fcr Holz- und PVC-Fenster<\/li>\r\n<li>Hohe \u00e4sthetische Qualit\u00e4ten und ausgezeichnete Widerstandsf\u00e4higkeit gegen Sch\u00e4den und Feuchtigkeit<\/li>\r\n<li>Dicke 2 cm oder 2,5 cm (letztere: nur laminiert)<\/li>\r\n<li>Hergestellt aus feuchtigkeitsbest\u00e4ndiger MDF.HLS-Platte, beschichtet mit hochwertigen Lacken f\u00fcr Holz<\/li>\r\n<li>Mit einer Deckschicht \u00fcberzogen, die hohe H\u00e4rte und Haltbarkeit garantiert<\/li>\r\n<li>Resistenz gegen UV-Strahlen<\/li>\r\n<li>Eine gro\u00dfe Auswahl an Farbvarianten: Nussbraun, Goldene Eiche, Winchester, Eiche Natur, Wei\u00dfer Marmor, Husky Pearl, Wei\u00df Hochglanz, Wei\u00df Matt<\/li>\r\n<li>Schweller aus lackiertem MDF &#8211; max. L\u00e4nge eines Elements = 280 cm<\/li>\r\n<li>Schweller aus laminiertem MDF &#8211; max. L\u00e4nge eines Elements = 275 cm<\/li>\r\n<li>Schweller aus laminiertem \/ lackiertem MDF &#8211; min. Breite 15 cm, max. Breite 50 cm<\/li>\r\n<li>L\u00e4ngere Schwellen werden als zwei oder mehr kombinierte Elemente bestellt, z.B. 320 cm = 2&#215;160 cm<\/li>\r\n<li>Toleranz bei L\u00e4nge und Breite: 1 cm. Hinweis: Wenn Sie die Fensterbank selbst zuschneiden, erlischt die Garantie.<\/li>\r\n<li>Wenn in der Bestellung keine Angaben zur Art der Ausf\u00fchrung gemacht werden, werden die Schweller in der Ausf\u00fchrung FR-1 hergestellt.<\/li>\r\n<li>Verf\u00fcgbare Arten von Eck- und Kantenbearbeitungen bei laminierten Fensterb\u00e4nken:\r\n<ul>\r\n<li>A: FR.1 &#8211; Hauptphase B: FR.2 &#8211; Nebenphase<\/li>\r\n<\/ul>\r\n<\/li>\r\n<\/ul>\r\n","protected":false},"featured_media":30233,"menu_order":344,"template":"","fenbro_category":[962,973,978],"class_list":["post-39246","fenbro_product","type-fenbro_product","status-publish","has-post-thumbnail","hentry","fenbro_category-fenster","fenbro_category-fenster-zubehor","fenbro_category-fensterbaenke"],"acf":[],"yoast_head":"<!-- This site is optimized with the Yoast SEO plugin v26.2 - https:\/\/yoast.com\/wordpress\/plugins\/seo\/ -->\n<title>Innen furnierte MDF-Fensterb\u00e4nke - Fenbro<\/title>\n<meta name=\"robots\" content=\"index, follow, max-snippet:-1, max-image-preview:large, max-video-preview:-1\" \/>\n<link rel=\"canonical\" href=\"https:\/\/fenbro.com\/de\/products\/innen-furnierte-mdf-fensterbaenke\/\" \/>\n<meta property=\"og:locale\" content=\"de_DE\" \/>\n<meta property=\"og:type\" content=\"article\" \/>\n<meta property=\"og:title\" content=\"Innen furnierte MDF-Fensterb\u00e4nke - Fenbro\" \/>\n<meta property=\"og:description\" content=\"Furnierte MDF-Fensterb\u00e4nke f\u00fcr den Innenbereich sind hochwertige Produkte, die eine hohe \u00c4sthetik mit einer ausgezeichneten Widerstandsf\u00e4higkeit gegen Sch\u00e4den und Feuchtigkeit verbinden. Je nach Modell k\u00f6nnen Sie eine L\u00f6sung w\u00e4hlen, die mit PVC-Folie, Laminat oder bew\u00e4hrten Holzlacken beschichtet ist. Furnierte MDF-Fensterb\u00e4nke f\u00fcr innen &#8211; Vorteile: Eine Auswahl an L\u00f6sungen mit PVC-Folie, Laminat oder bew\u00e4hrten Holzlacken f\u00fcr [&hellip;]\" \/>\n<meta property=\"og:url\" content=\"https:\/\/fenbro.com\/de\/products\/innen-furnierte-mdf-fensterbaenke\/\" \/>\n<meta property=\"og:site_name\" content=\"Fenbro\" \/>\n<meta property=\"article:publisher\" content=\"https:\/\/www.facebook.com\/fenbropl\/\" \/>\n<meta property=\"article:modified_time\" content=\"2024-10-24T13:35:10+00:00\" \/>\n<meta property=\"og:image\" content=\"https:\/\/fenbro.com\/wp-content\/uploads\/2022\/01\/Mdf_fornirowane_450x300.jpeg\" \/>\n\t<meta property=\"og:image:width\" content=\"450\" \/>\n\t<meta property=\"og:image:height\" content=\"300\" \/>\n\t<meta property=\"og:image:type\" content=\"image\/jpeg\" \/>\n<meta name=\"twitter:card\" content=\"summary_large_image\" \/>\n<meta name=\"twitter:site\" content=\"@fenbro_\" \/>\n<meta name=\"twitter:label1\" content=\"Est. reading time\" \/>\n\t<meta name=\"twitter:data1\" content=\"2 Minute\" \/>\n<script type=\"application\/ld+json\" class=\"yoast-schema-graph\">{\"@context\":\"https:\/\/schema.org\",\"@graph\":[{\"@type\":\"WebPage\",\"@id\":\"https:\/\/fenbro.com\/de\/products\/innen-furnierte-mdf-fensterbaenke\/\",\"url\":\"https:\/\/fenbro.com\/de\/products\/innen-furnierte-mdf-fensterbaenke\/\",\"name\":\"Innen furnierte MDF-Fensterb\u00e4nke - Fenbro\",\"isPartOf\":{\"@id\":\"https:\/\/test.fenbro.com\/de\/#website\"},\"primaryImageOfPage\":{\"@id\":\"https:\/\/fenbro.com\/de\/products\/innen-furnierte-mdf-fensterbaenke\/#primaryimage\"},\"image\":{\"@id\":\"https:\/\/fenbro.com\/de\/products\/innen-furnierte-mdf-fensterbaenke\/#primaryimage\"},\"thumbnailUrl\":\"https:\/\/fenbro.com\/wp-content\/uploads\/2022\/01\/Mdf_fornirowane_450x300.jpeg\",\"datePublished\":\"2022-01-11T10:55:58+00:00\",\"dateModified\":\"2024-10-24T13:35:10+00:00\",\"breadcrumb\":{\"@id\":\"https:\/\/fenbro.com\/de\/products\/innen-furnierte-mdf-fensterbaenke\/#breadcrumb\"},\"inLanguage\":\"de-DE\",\"potentialAction\":[{\"@type\":\"ReadAction\",\"target\":[\"https:\/\/fenbro.com\/de\/products\/innen-furnierte-mdf-fensterbaenke\/\"]}]},{\"@type\":\"ImageObject\",\"inLanguage\":\"de-DE\",\"@id\":\"https:\/\/fenbro.com\/de\/products\/innen-furnierte-mdf-fensterbaenke\/#primaryimage\",\"url\":\"https:\/\/fenbro.com\/wp-content\/uploads\/2022\/01\/Mdf_fornirowane_450x300.jpeg\",\"contentUrl\":\"https:\/\/fenbro.com\/wp-content\/uploads\/2022\/01\/Mdf_fornirowane_450x300.jpeg\",\"width\":450,\"height\":300,\"caption\":\"||||||||\"},{\"@type\":\"BreadcrumbList\",\"@id\":\"https:\/\/fenbro.com\/de\/products\/innen-furnierte-mdf-fensterbaenke\/#breadcrumb\",\"itemListElement\":[{\"@type\":\"ListItem\",\"position\":1,\"name\":\"Fenbro\",\"item\":\"https:\/\/fenbro.com\/de\/\"},{\"@type\":\"ListItem\",\"position\":2,\"name\":\"Produkte\",\"item\":\"https:\/\/fenbro.com\/de\/products\/\"},{\"@type\":\"ListItem\",\"position\":3,\"name\":\"Innen furnierte MDF-Fensterb\u00e4nke\"}]},{\"@type\":\"WebSite\",\"@id\":\"https:\/\/test.fenbro.com\/de\/#website\",\"url\":\"https:\/\/test.fenbro.com\/de\/\",\"name\":\"Fenbro\",\"description\":\"Fenbro\",\"publisher\":{\"@id\":\"https:\/\/test.fenbro.com\/de\/#organization\"},\"potentialAction\":[{\"@type\":\"SearchAction\",\"target\":{\"@type\":\"EntryPoint\",\"urlTemplate\":\"https:\/\/test.fenbro.com\/de\/?s={search_term_string}\"},\"query-input\":{\"@type\":\"PropertyValueSpecification\",\"valueRequired\":true,\"valueName\":\"search_term_string\"}}],\"inLanguage\":\"de-DE\"},{\"@type\":\"Organization\",\"@id\":\"https:\/\/test.fenbro.com\/de\/#organization\",\"name\":\"Fenbro\",\"url\":\"https:\/\/test.fenbro.com\/de\/\",\"logo\":{\"@type\":\"ImageObject\",\"inLanguage\":\"de-DE\",\"@id\":\"https:\/\/test.fenbro.com\/de\/#\/schema\/logo\/image\/\",\"url\":\"https:\/\/fenbro.com\/wp-content\/uploads\/2022\/12\/logo.svg\",\"contentUrl\":\"https:\/\/fenbro.com\/wp-content\/uploads\/2022\/12\/logo.svg\",\"width\":118,\"height\":82,\"caption\":\"Fenbro\"},\"image\":{\"@id\":\"https:\/\/test.fenbro.com\/de\/#\/schema\/logo\/image\/\"},\"sameAs\":[\"https:\/\/www.facebook.com\/fenbropl\/\",\"https:\/\/x.com\/fenbro_\",\"https:\/\/www.instagram.com\/fenbro_\/\",\"https:\/\/www.youtube.com\/channel\/UCXYNAsSRWAbGE8dRU2fc5zw\",\"https:\/\/www.linkedin.com\/company\/75737410\",\"https:\/\/pl.pinterest.com\/fenbro_\/\"]}]}<\/script>\n<!-- \/ Yoast SEO plugin. -->","yoast_head_json":{"title":"Innen furnierte MDF-Fensterb\u00e4nke - Fenbro","robots":{"index":"index","follow":"follow","max-snippet":"max-snippet:-1","max-image-preview":"max-image-preview:large","max-video-preview":"max-video-preview:-1"},"canonical":"https:\/\/fenbro.com\/de\/products\/innen-furnierte-mdf-fensterbaenke\/","og_locale":"de_DE","og_type":"article","og_title":"Innen furnierte MDF-Fensterb\u00e4nke - Fenbro","og_description":"Furnierte MDF-Fensterb\u00e4nke f\u00fcr den Innenbereich sind hochwertige Produkte, die eine hohe \u00c4sthetik mit einer ausgezeichneten Widerstandsf\u00e4higkeit gegen Sch\u00e4den und Feuchtigkeit verbinden. Je nach Modell k\u00f6nnen Sie eine L\u00f6sung w\u00e4hlen, die mit PVC-Folie, Laminat oder bew\u00e4hrten Holzlacken beschichtet ist. Furnierte MDF-Fensterb\u00e4nke f\u00fcr innen &#8211; Vorteile: Eine Auswahl an L\u00f6sungen mit PVC-Folie, Laminat oder bew\u00e4hrten Holzlacken f\u00fcr [&hellip;]","og_url":"https:\/\/fenbro.com\/de\/products\/innen-furnierte-mdf-fensterbaenke\/","og_site_name":"Fenbro","article_publisher":"https:\/\/www.facebook.com\/fenbropl\/","article_modified_time":"2024-10-24T13:35:10+00:00","og_image":[{"width":450,"height":300,"url":"https:\/\/fenbro.com\/wp-content\/uploads\/2022\/01\/Mdf_fornirowane_450x300.jpeg","type":"image\/jpeg"}],"twitter_card":"summary_large_image","twitter_site":"@fenbro_","twitter_misc":{"Est. reading time":"2 Minute"},"schema":{"@context":"https:\/\/schema.org","@graph":[{"@type":"WebPage","@id":"https:\/\/fenbro.com\/de\/products\/innen-furnierte-mdf-fensterbaenke\/","url":"https:\/\/fenbro.com\/de\/products\/innen-furnierte-mdf-fensterbaenke\/","name":"Innen furnierte MDF-Fensterb\u00e4nke - Fenbro","isPartOf":{"@id":"https:\/\/test.fenbro.com\/de\/#website"},"primaryImageOfPage":{"@id":"https:\/\/fenbro.com\/de\/products\/innen-furnierte-mdf-fensterbaenke\/#primaryimage"},"image":{"@id":"https:\/\/fenbro.com\/de\/products\/innen-furnierte-mdf-fensterbaenke\/#primaryimage"},"thumbnailUrl":"https:\/\/fenbro.com\/wp-content\/uploads\/2022\/01\/Mdf_fornirowane_450x300.jpeg","datePublished":"2022-01-11T10:55:58+00:00","dateModified":"2024-10-24T13:35:10+00:00","breadcrumb":{"@id":"https:\/\/fenbro.com\/de\/products\/innen-furnierte-mdf-fensterbaenke\/#breadcrumb"},"inLanguage":"de-DE","potentialAction":[{"@type":"ReadAction","target":["https:\/\/fenbro.com\/de\/products\/innen-furnierte-mdf-fensterbaenke\/"]}]},{"@type":"ImageObject","inLanguage":"de-DE","@id":"https:\/\/fenbro.com\/de\/products\/innen-furnierte-mdf-fensterbaenke\/#primaryimage","url":"https:\/\/fenbro.com\/wp-content\/uploads\/2022\/01\/Mdf_fornirowane_450x300.jpeg","contentUrl":"https:\/\/fenbro.com\/wp-content\/uploads\/2022\/01\/Mdf_fornirowane_450x300.jpeg","width":450,"height":300,"caption":"||||||||"},{"@type":"BreadcrumbList","@id":"https:\/\/fenbro.com\/de\/products\/innen-furnierte-mdf-fensterbaenke\/#breadcrumb","itemListElement":[{"@type":"ListItem","position":1,"name":"Fenbro","item":"https:\/\/fenbro.com\/de\/"},{"@type":"ListItem","position":2,"name":"Produkte","item":"https:\/\/fenbro.com\/de\/products\/"},{"@type":"ListItem","position":3,"name":"Innen furnierte MDF-Fensterb\u00e4nke"}]},{"@type":"WebSite","@id":"https:\/\/test.fenbro.com\/de\/#website","url":"https:\/\/test.fenbro.com\/de\/","name":"Fenbro","description":"Fenbro","publisher":{"@id":"https:\/\/test.fenbro.com\/de\/#organization"},"potentialAction":[{"@type":"SearchAction","target":{"@type":"EntryPoint","urlTemplate":"https:\/\/test.fenbro.com\/de\/?s={search_term_string}"},"query-input":{"@type":"PropertyValueSpecification","valueRequired":true,"valueName":"search_term_string"}}],"inLanguage":"de-DE"},{"@type":"Organization","@id":"https:\/\/test.fenbro.com\/de\/#organization","name":"Fenbro","url":"https:\/\/test.fenbro.com\/de\/","logo":{"@type":"ImageObject","inLanguage":"de-DE","@id":"https:\/\/test.fenbro.com\/de\/#\/schema\/logo\/image\/","url":"https:\/\/fenbro.com\/wp-content\/uploads\/2022\/12\/logo.svg","contentUrl":"https:\/\/fenbro.com\/wp-content\/uploads\/2022\/12\/logo.svg","width":118,"height":82,"caption":"Fenbro"},"image":{"@id":"https:\/\/test.fenbro.com\/de\/#\/schema\/logo\/image\/"},"sameAs":["https:\/\/www.facebook.com\/fenbropl\/","https:\/\/x.com\/fenbro_","https:\/\/www.instagram.com\/fenbro_\/","https:\/\/www.youtube.com\/channel\/UCXYNAsSRWAbGE8dRU2fc5zw","https:\/\/www.linkedin.com\/company\/75737410","https:\/\/pl.pinterest.com\/fenbro_\/"]}]}},"_links":{"self":[{"href":"https:\/\/fenbro.com\/de\/wp-json\/wp\/v2\/fenbro_product\/39246","targetHints":{"allow":["GET"]}}],"collection":[{"href":"https:\/\/fenbro.com\/de\/wp-json\/wp\/v2\/fenbro_product"}],"about":[{"href":"https:\/\/fenbro.com\/de\/wp-json\/wp\/v2\/types\/fenbro_product"}],"wp:featuredmedia":[{"embeddable":true,"href":"https:\/\/fenbro.com\/de\/wp-json\/wp\/v2\/media\/30233"}],"wp:attachment":[{"href":"https:\/\/fenbro.com\/de\/wp-json\/wp\/v2\/media?parent=39246"}],"wp:term":[{"taxonomy":"fenbro_category","embeddable":true,"href":"https:\/\/fenbro.com\/de\/wp-json\/wp\/v2\/fenbro_category?post=39246"}],"curies":[{"name":"wp","href":"https:\/\/api.w.org\/{rel}","templated":true}]}}