{"id":39629,"date":"2021-12-23T12:04:39","date_gmt":"2021-12-23T11:04:39","guid":{"rendered":"https:\/\/fenbro.com\/products\/stahl-verbundtueren-23\/"},"modified":"2025-06-20T16:24:24","modified_gmt":"2025-06-20T14:24:24","slug":"stahl-verbundtueren-23","status":"publish","type":"fenbro_product","link":"https:\/\/fenbro.com\/de\/products\/stahl-verbundtueren-23\/","title":{"rendered":"Stahl-Verbundt\u00fcren 23"},"content":{"rendered":"\r\n<p>Hochwertige und elegante Haust\u00fcren, die Sicherheit und hochwertige Verarbeitung garantieren. Hergestellt mit bew\u00e4hrter Technologie und den besten Materialien. Sie sind langlebig und funktionell und k\u00f6nnen auf individuellen Wunsch in einer RAL-Farbe Ihrer Wahl gestaltet werden.<\/p>\r\n\r\n\r\n\r\n<h2 class=\"wp-block-heading\" id=\"wiked-23-doors-are-available-in-the-following-lines\">WIK\u0118D 23 T\u00fcren sind in den folgenden Produktlinien erh\u00e4ltlich:<\/h2>\r\n<h2>ALU HYBRID<\/h2>\r\n<p>The flush, non-rebated ALU HYBRID door is a combination of two proven technologies: a durable, warm and slender aluminum frame and a super-durable fiberglass composite with a carbon coating with excellent thermal and static parameters, which is the core of the leaf. The top of the top line of external doors providing excellent insulation parameters: Ud = 0.54 (for doors without glazing) and acoustic parameters: 30 dB *. Awarded the European Standard of Conformity CE and meeting the requirements of the anti-burglary class RC2.<\/p>\r\n<h3 id=\"termo-prestige-lux-characteristics\">ALU HYBRID &#8211; Merkmale:<\/h3>\r\n<ul>\r\n<li>Warm ALU HYBRID door frame with an XPS insert that improves thermal performance<\/li>\r\n<li>Door leaf made of fiberglass composite with a carbon structure filled with polyurethane foam and the composite stile<\/li>\r\n<li>Flush sash on both sides<\/li>\r\n<li>The leaf with peripheral sealing and an additional masking gasket<\/li>\r\n<li>Three 3D hinges adjustable in three planes.<\/li>\r\n<li>Espagnolette with 8 locking points (hook bolts).<\/li>\r\n<li>Top and bottom locking controlled centrally with the main lock<\/li>\r\n<li>A hitch strip along the entire height of the frame.<\/li>\r\n<li>LAVA handle<\/li>\r\n<li>Anti-burglary cylinder-knob or double-sided cylinder (anti-burglary class &#8222;D&#8220;).<\/li>\r\n<li>Personalised WIK\u0118D key<\/li>\r\n<li>Minimalist ring plate (optional door with a handrail)<\/li>\r\n<li>Warm PVC \/ ALU threshold with a thermal break<\/li>\r\n<\/ul>\r\n\r\n\r\n\r\n<h2 class=\"wp-block-heading\" id=\"termo-prestige-lux\">TERMO PRESTIGE LUX<\/h2>\r\n\r\n\r\n\r\n<p>Die h\u00f6chste Linie von Au\u00dfent\u00fcren mit hervorragenden Isolationsparametern: Ud = 0,79 (f\u00fcr T\u00fcren ohne Verglasung) und akustische Parameter: 32 dB *. Ausgezeichnet mit der europ\u00e4ischen Konformit\u00e4tsnorm CE und erf\u00fcllt die Anforderungen der Einbruchschutzklasse RC2. Die Konstruktion basiert auf einem 82 mm T\u00fcrblatt und einem Termo-Rahmen. Erforderliche Mindesth\u00f6he der T\u00fcr: 2000 mm<\/p>\r\n\r\n\r\n\r\n<h3 class=\"wp-block-heading\" id=\"termo-prestige-lux-characteristics\">TERMO PRESTIGE LUX &#8211; Merkmale:<\/h3>\r\n\r\n\r\n\r\n<ul class=\"wp-block-list\">\r\n<li>Warmer Termo-T\u00fcrrahmen mit zwei Dichtungen und einer W\u00e4rmed\u00e4mmeinlage in jeder Kammer<\/li>\r\n<li>Das T\u00fcrblatt mit einer Dichtung, gef\u00fcllt mit Polyurethanschaum und einer Leiste aus Leimholz<\/li>\r\n<li>Drei 3D-Scharniere in drei Ebenen einstellbar<\/li>\r\n<li>Dekorative Kappen f\u00fcr Scharniere<\/li>\r\n<li>3 Haken mit einstellbarem Druck<\/li>\r\n<li>6 Anti-Diebstahl-Bolzen<\/li>\r\n<li>Obere Verriegelung, die mit einem Schl\u00fcssel mit zus\u00e4tzlicher oberer Zunge aktiviert wird<\/li>\r\n<li>Einsatz-Knopf oder doppelseitiger Einsatz<\/li>\r\n<li>Drehstangenverschluss mit Hauptschloss und zentraler Zunge<\/li>\r\n<li>Prime, Tahoma, Manitoba oder Magnus Griff<\/li>\r\n<li>Bodenverriegelung mit einem Schl\u00fcssel mit zus\u00e4tzlicher unterer Zunge aktiviert<\/li>\r\n<li>Das Blatt mit 4-seitigem Falz<\/li>\r\n<li>Tropfschutz (T\u00fcr nach innen \u00f6ffnend) (Option)<\/li>\r\n<li>Automatisch fallende Dichtung<\/li>\r\n<li>Windstopper<\/li>\r\n<li>Warme PVC\/ALU-Schwelle mit thermischer Trennung<\/li>\r\n<li>Montagesatz<\/li>\r\n<\/ul>\r\n\r\n\r\n\r\n<h2 class=\"wp-block-heading\" id=\"optimum-termo\">OPTIMUM TERMO<\/h2>\r\n\r\n\r\n\r\n<p>Eine hohe Linie von Au\u00dfent\u00fcren, die sehr gute D\u00e4mmwerte aufweist: Ud = 0,85 (f\u00fcr T\u00fcren ohne Verglasung). Ausgezeichnet mit der europ\u00e4ischen Konformit\u00e4tsnorm CE und erf\u00fcllt die Anforderungen der Einbruchschutzklasse RC2. Die Struktur basiert auf einem 76 mm breiten T\u00fcrblatt. Erforderliche Mindesth\u00f6he der T\u00fcr: 2000 mm<\/p>\r\n\r\n\r\n\r\n<h3 class=\"wp-block-heading\" id=\"optimum-termo-characteristics\">OPTIMUM TERMO &#8211; Merkmale:<\/h3>\r\n\r\n\r\n\r\n<ul class=\"wp-block-list\">\r\n<li>Warmer Termo-T\u00fcrrahmen<\/li>\r\n<li>Das T\u00fcrblatt mit einer Dichtung, gef\u00fcllt mit Polyurethanschaum und einer Leiste aus Leimholz<\/li>\r\n<li>Drei 3D-Scharniere in drei Ebenen einstellbar<\/li>\r\n<li>Dekorative Kappen f\u00fcr Scharniere<\/li>\r\n<li>3 Haken mit einstellbarem Druck<\/li>\r\n<li>Regulierung der T\u00fcrzunge<\/li>\r\n<li>3 Anti-Diebstahl-Bolzen<\/li>\r\n<li>Verriegelung oben (Hakenbolzen)<\/li>\r\n<li>Zus\u00e4tzliches oberes Schloss mit einem Zylinderknauf (Ein-Schl\u00fcssel-System)<\/li>\r\n<li>Drehstangenverschluss mit Hauptschloss und Zylinder (Ein-Schl\u00fcssel-System)<\/li>\r\n<li>Prime, Tahoma, Manitoba oder Magnus Griff<\/li>\r\n<li>Untere Verriegelung (Hakenbolzen)<\/li>\r\n<li>Das Blatt mit 4-seitigem Falz<\/li>\r\n<li>Tropfschutz (T\u00fcr nach innen \u00f6ffnend) (Option)<\/li>\r\n<li>Windstopper<\/li>\r\n<li>Warme PVC\/ALU-Schwelle mit thermischer Trennung<\/li>\r\n<li>Montagesatz<\/li>\r\n<\/ul>\r\n\r\n\r\n\r\n<h2 class=\"wp-block-heading\">PRIMA TERMO<\/h2>\r\n<p><span style=\"font-weight: 400;\">Die Prima Termo-Linie ist eine moderne L\u00f6sung in der Kategorie der Au\u00dfent\u00fcren, die eine verbesserte Leistung und thermische Effizienz bietet. Mit einem dickeren 64 mm dicken T\u00fcrblatt und einem neu gestalteten Termo-Rahmen sorgt sie f\u00fcr eine bessere Isolierung und eine l\u00e4ngere Lebensdauer. Prima Termo ist so konzipiert, dass es die Standards f\u00fcr energieeffizientes und zeitgem\u00e4\u00dfes Bauen erf\u00fcllt. Sie bietet eine hervorragende W\u00e4rmed\u00e4mmung: Ud = 0,87 W\/m\u00b2K (f\u00fcr T\u00fcren ohne Verglasung) und erf\u00fcllt die Anforderungen der CE-Zertifizierung. <\/span><span style=\"font-weight: 400;\"><br \/><\/span><span style=\"font-weight: 400;\">Hinweis: Die Prima Termo-Linie enth\u00e4lt kein oberes Schloss.<\/span><\/p>\r\n<h3>PRIMA TERMO &#8211; Merkmale:<\/h3>\r\n<ul>\r\n<li style=\"font-weight: 400;\" aria-level=\"1\"><span style=\"font-weight: 400;\">Warmer Termo-T\u00fcrrahmen mit thermischer Trennung und Dichtung<\/span><span style=\"font-weight: 400;\"><br \/><\/span><\/li>\r\n<li style=\"font-weight: 400;\" aria-level=\"1\"><span style=\"font-weight: 400;\">4-seitig gef\u00e4lztes T\u00fcrblatt, mit Polyurethanschaum gef\u00fcllt und mit Leimholz verst\u00e4rkt<\/span><span style=\"font-weight: 400;\"><br \/><\/span><\/li>\r\n<li style=\"font-weight: 400;\" aria-level=\"1\"><span style=\"font-weight: 400;\">Drei 3D-Scharniere, die in drei Ebenen verstellbar sind<\/span><span style=\"font-weight: 400;\"><br \/><\/span><\/li>\r\n<li style=\"font-weight: 400;\" aria-level=\"1\"><span style=\"font-weight: 400;\">Dekorative Kappen f\u00fcr Scharniere<\/span><span style=\"font-weight: 400;\"><br \/><\/span><\/li>\r\n<li style=\"font-weight: 400;\" aria-level=\"1\"><span style=\"font-weight: 400;\">2 Haken mit einstellbarem Druck<\/span><span style=\"font-weight: 400;\"><br \/><\/span><\/li>\r\n<li style=\"font-weight: 400;\" aria-level=\"1\"><span style=\"font-weight: 400;\">Verstellbare Verschlussplatte<\/span><span style=\"font-weight: 400;\"><br \/><\/span><\/li>\r\n<li style=\"font-weight: 400;\" aria-level=\"1\"><span style=\"font-weight: 400;\">3 Anti-Diebstahl-Bolzen<\/span><span style=\"font-weight: 400;\"><br \/><\/span><\/li>\r\n<li style=\"font-weight: 400;\" aria-level=\"1\"><span style=\"font-weight: 400;\">Drehstangenverschluss mit Hauptschloss und Zylinder<\/span><span style=\"font-weight: 400;\"><br \/><\/span><\/li>\r\n<li style=\"font-weight: 400;\" aria-level=\"1\"><span style=\"font-weight: 400;\">Prime oder Tahoma Griff<\/span><span style=\"font-weight: 400;\"><br \/><\/span><\/li>\r\n<li style=\"font-weight: 400;\" aria-level=\"1\"><span style=\"font-weight: 400;\">Warme PVC\/ALU-Schwelle mit einer thermischen Trennung<\/span><span style=\"font-weight: 400;\"><br \/><\/span><\/li>\r\n<li style=\"font-weight: 400;\" aria-level=\"1\"><span style=\"font-weight: 400;\">Windstopper<\/span><\/li>\r\n<\/ul>\r\n","protected":false},"featured_media":31602,"menu_order":518,"template":"","fenbro_category":[985,997,998],"class_list":["post-39629","fenbro_product","type-fenbro_product","status-publish","has-post-thumbnail","hentry","fenbro_category-haustueren","fenbro_category-stahlturen","fenbro_category-verbundtueren"],"acf":[],"yoast_head":"<!-- This site is optimized with the Yoast SEO plugin v26.2 - https:\/\/yoast.com\/wordpress\/plugins\/seo\/ -->\n<title>Stahl-Verbundt\u00fcren 23 - Fenbro<\/title>\n<meta name=\"robots\" content=\"index, follow, max-snippet:-1, max-image-preview:large, max-video-preview:-1\" \/>\n<link rel=\"canonical\" href=\"https:\/\/fenbro.com\/de\/products\/stahl-verbundtueren-23\/\" \/>\n<meta property=\"og:locale\" content=\"de_DE\" \/>\n<meta property=\"og:type\" content=\"article\" \/>\n<meta property=\"og:title\" content=\"Stahl-Verbundt\u00fcren 23 - Fenbro\" \/>\n<meta property=\"og:description\" content=\"Hochwertige und elegante Haust\u00fcren, die Sicherheit und hochwertige Verarbeitung garantieren. Hergestellt mit bew\u00e4hrter Technologie und den besten Materialien. Sie sind langlebig und funktionell und k\u00f6nnen auf individuellen Wunsch in einer RAL-Farbe Ihrer Wahl gestaltet werden. WIK\u0118D 23 T\u00fcren sind in den folgenden Produktlinien erh\u00e4ltlich: ALU HYBRID The flush, non-rebated ALU HYBRID door is a combination [&hellip;]\" \/>\n<meta property=\"og:url\" content=\"https:\/\/fenbro.com\/de\/products\/stahl-verbundtueren-23\/\" \/>\n<meta property=\"og:site_name\" content=\"Fenbro\" \/>\n<meta property=\"article:publisher\" content=\"https:\/\/www.facebook.com\/fenbropl\/\" \/>\n<meta property=\"article:modified_time\" content=\"2025-06-20T14:24:24+00:00\" \/>\n<meta property=\"og:image\" content=\"https:\/\/fenbro.com\/wp-content\/uploads\/2021\/12\/Classic-23-800-\u00d7-800px.jpg\" \/>\n\t<meta property=\"og:image:width\" content=\"800\" \/>\n\t<meta property=\"og:image:height\" content=\"800\" \/>\n\t<meta property=\"og:image:type\" content=\"image\/jpeg\" \/>\n<meta name=\"twitter:card\" content=\"summary_large_image\" \/>\n<meta name=\"twitter:site\" content=\"@fenbro_\" \/>\n<meta name=\"twitter:label1\" content=\"Est. reading time\" \/>\n\t<meta name=\"twitter:data1\" content=\"4 Minute\" \/>\n<script type=\"application\/ld+json\" class=\"yoast-schema-graph\">{\"@context\":\"https:\/\/schema.org\",\"@graph\":[{\"@type\":\"WebPage\",\"@id\":\"https:\/\/fenbro.com\/de\/products\/stahl-verbundtueren-23\/\",\"url\":\"https:\/\/fenbro.com\/de\/products\/stahl-verbundtueren-23\/\",\"name\":\"Stahl-Verbundt\u00fcren 23 - Fenbro\",\"isPartOf\":{\"@id\":\"https:\/\/test.fenbro.com\/de\/#website\"},\"primaryImageOfPage\":{\"@id\":\"https:\/\/fenbro.com\/de\/products\/stahl-verbundtueren-23\/#primaryimage\"},\"image\":{\"@id\":\"https:\/\/fenbro.com\/de\/products\/stahl-verbundtueren-23\/#primaryimage\"},\"thumbnailUrl\":\"https:\/\/fenbro.com\/wp-content\/uploads\/2021\/12\/Classic-23-800-\u00d7-800px.jpg\",\"datePublished\":\"2021-12-23T11:04:39+00:00\",\"dateModified\":\"2025-06-20T14:24:24+00:00\",\"breadcrumb\":{\"@id\":\"https:\/\/fenbro.com\/de\/products\/stahl-verbundtueren-23\/#breadcrumb\"},\"inLanguage\":\"de-DE\",\"potentialAction\":[{\"@type\":\"ReadAction\",\"target\":[\"https:\/\/fenbro.com\/de\/products\/stahl-verbundtueren-23\/\"]}]},{\"@type\":\"ImageObject\",\"inLanguage\":\"de-DE\",\"@id\":\"https:\/\/fenbro.com\/de\/products\/stahl-verbundtueren-23\/#primaryimage\",\"url\":\"https:\/\/fenbro.com\/wp-content\/uploads\/2021\/12\/Classic-23-800-\u00d7-800px.jpg\",\"contentUrl\":\"https:\/\/fenbro.com\/wp-content\/uploads\/2021\/12\/Classic-23-800-\u00d7-800px.jpg\",\"width\":800,\"height\":800,\"caption\":\"Steel Composite Doors 23||\"},{\"@type\":\"BreadcrumbList\",\"@id\":\"https:\/\/fenbro.com\/de\/products\/stahl-verbundtueren-23\/#breadcrumb\",\"itemListElement\":[{\"@type\":\"ListItem\",\"position\":1,\"name\":\"Fenbro\",\"item\":\"https:\/\/fenbro.com\/de\/\"},{\"@type\":\"ListItem\",\"position\":2,\"name\":\"Produkte\",\"item\":\"https:\/\/fenbro.com\/de\/products\/\"},{\"@type\":\"ListItem\",\"position\":3,\"name\":\"Stahl-Verbundt\u00fcren 23\"}]},{\"@type\":\"WebSite\",\"@id\":\"https:\/\/test.fenbro.com\/de\/#website\",\"url\":\"https:\/\/test.fenbro.com\/de\/\",\"name\":\"Fenbro\",\"description\":\"Fenbro\",\"publisher\":{\"@id\":\"https:\/\/test.fenbro.com\/de\/#organization\"},\"potentialAction\":[{\"@type\":\"SearchAction\",\"target\":{\"@type\":\"EntryPoint\",\"urlTemplate\":\"https:\/\/test.fenbro.com\/de\/?s={search_term_string}\"},\"query-input\":{\"@type\":\"PropertyValueSpecification\",\"valueRequired\":true,\"valueName\":\"search_term_string\"}}],\"inLanguage\":\"de-DE\"},{\"@type\":\"Organization\",\"@id\":\"https:\/\/test.fenbro.com\/de\/#organization\",\"name\":\"Fenbro\",\"url\":\"https:\/\/test.fenbro.com\/de\/\",\"logo\":{\"@type\":\"ImageObject\",\"inLanguage\":\"de-DE\",\"@id\":\"https:\/\/test.fenbro.com\/de\/#\/schema\/logo\/image\/\",\"url\":\"https:\/\/fenbro.com\/wp-content\/uploads\/2022\/12\/logo.svg\",\"contentUrl\":\"https:\/\/fenbro.com\/wp-content\/uploads\/2022\/12\/logo.svg\",\"width\":118,\"height\":82,\"caption\":\"Fenbro\"},\"image\":{\"@id\":\"https:\/\/test.fenbro.com\/de\/#\/schema\/logo\/image\/\"},\"sameAs\":[\"https:\/\/www.facebook.com\/fenbropl\/\",\"https:\/\/x.com\/fenbro_\",\"https:\/\/www.instagram.com\/fenbro_\/\",\"https:\/\/www.youtube.com\/channel\/UCXYNAsSRWAbGE8dRU2fc5zw\",\"https:\/\/www.linkedin.com\/company\/75737410\",\"https:\/\/pl.pinterest.com\/fenbro_\/\"]}]}<\/script>\n<!-- \/ Yoast SEO plugin. -->","yoast_head_json":{"title":"Stahl-Verbundt\u00fcren 23 - Fenbro","robots":{"index":"index","follow":"follow","max-snippet":"max-snippet:-1","max-image-preview":"max-image-preview:large","max-video-preview":"max-video-preview:-1"},"canonical":"https:\/\/fenbro.com\/de\/products\/stahl-verbundtueren-23\/","og_locale":"de_DE","og_type":"article","og_title":"Stahl-Verbundt\u00fcren 23 - Fenbro","og_description":"Hochwertige und elegante Haust\u00fcren, die Sicherheit und hochwertige Verarbeitung garantieren. Hergestellt mit bew\u00e4hrter Technologie und den besten Materialien. Sie sind langlebig und funktionell und k\u00f6nnen auf individuellen Wunsch in einer RAL-Farbe Ihrer Wahl gestaltet werden. WIK\u0118D 23 T\u00fcren sind in den folgenden Produktlinien erh\u00e4ltlich: ALU HYBRID The flush, non-rebated ALU HYBRID door is a combination [&hellip;]","og_url":"https:\/\/fenbro.com\/de\/products\/stahl-verbundtueren-23\/","og_site_name":"Fenbro","article_publisher":"https:\/\/www.facebook.com\/fenbropl\/","article_modified_time":"2025-06-20T14:24:24+00:00","og_image":[{"width":800,"height":800,"url":"https:\/\/fenbro.com\/wp-content\/uploads\/2021\/12\/Classic-23-800-\u00d7-800px.jpg","type":"image\/jpeg"}],"twitter_card":"summary_large_image","twitter_site":"@fenbro_","twitter_misc":{"Est. reading time":"4 Minute"},"schema":{"@context":"https:\/\/schema.org","@graph":[{"@type":"WebPage","@id":"https:\/\/fenbro.com\/de\/products\/stahl-verbundtueren-23\/","url":"https:\/\/fenbro.com\/de\/products\/stahl-verbundtueren-23\/","name":"Stahl-Verbundt\u00fcren 23 - Fenbro","isPartOf":{"@id":"https:\/\/test.fenbro.com\/de\/#website"},"primaryImageOfPage":{"@id":"https:\/\/fenbro.com\/de\/products\/stahl-verbundtueren-23\/#primaryimage"},"image":{"@id":"https:\/\/fenbro.com\/de\/products\/stahl-verbundtueren-23\/#primaryimage"},"thumbnailUrl":"https:\/\/fenbro.com\/wp-content\/uploads\/2021\/12\/Classic-23-800-\u00d7-800px.jpg","datePublished":"2021-12-23T11:04:39+00:00","dateModified":"2025-06-20T14:24:24+00:00","breadcrumb":{"@id":"https:\/\/fenbro.com\/de\/products\/stahl-verbundtueren-23\/#breadcrumb"},"inLanguage":"de-DE","potentialAction":[{"@type":"ReadAction","target":["https:\/\/fenbro.com\/de\/products\/stahl-verbundtueren-23\/"]}]},{"@type":"ImageObject","inLanguage":"de-DE","@id":"https:\/\/fenbro.com\/de\/products\/stahl-verbundtueren-23\/#primaryimage","url":"https:\/\/fenbro.com\/wp-content\/uploads\/2021\/12\/Classic-23-800-\u00d7-800px.jpg","contentUrl":"https:\/\/fenbro.com\/wp-content\/uploads\/2021\/12\/Classic-23-800-\u00d7-800px.jpg","width":800,"height":800,"caption":"Steel Composite Doors 23||"},{"@type":"BreadcrumbList","@id":"https:\/\/fenbro.com\/de\/products\/stahl-verbundtueren-23\/#breadcrumb","itemListElement":[{"@type":"ListItem","position":1,"name":"Fenbro","item":"https:\/\/fenbro.com\/de\/"},{"@type":"ListItem","position":2,"name":"Produkte","item":"https:\/\/fenbro.com\/de\/products\/"},{"@type":"ListItem","position":3,"name":"Stahl-Verbundt\u00fcren 23"}]},{"@type":"WebSite","@id":"https:\/\/test.fenbro.com\/de\/#website","url":"https:\/\/test.fenbro.com\/de\/","name":"Fenbro","description":"Fenbro","publisher":{"@id":"https:\/\/test.fenbro.com\/de\/#organization"},"potentialAction":[{"@type":"SearchAction","target":{"@type":"EntryPoint","urlTemplate":"https:\/\/test.fenbro.com\/de\/?s={search_term_string}"},"query-input":{"@type":"PropertyValueSpecification","valueRequired":true,"valueName":"search_term_string"}}],"inLanguage":"de-DE"},{"@type":"Organization","@id":"https:\/\/test.fenbro.com\/de\/#organization","name":"Fenbro","url":"https:\/\/test.fenbro.com\/de\/","logo":{"@type":"ImageObject","inLanguage":"de-DE","@id":"https:\/\/test.fenbro.com\/de\/#\/schema\/logo\/image\/","url":"https:\/\/fenbro.com\/wp-content\/uploads\/2022\/12\/logo.svg","contentUrl":"https:\/\/fenbro.com\/wp-content\/uploads\/2022\/12\/logo.svg","width":118,"height":82,"caption":"Fenbro"},"image":{"@id":"https:\/\/test.fenbro.com\/de\/#\/schema\/logo\/image\/"},"sameAs":["https:\/\/www.facebook.com\/fenbropl\/","https:\/\/x.com\/fenbro_","https:\/\/www.instagram.com\/fenbro_\/","https:\/\/www.youtube.com\/channel\/UCXYNAsSRWAbGE8dRU2fc5zw","https:\/\/www.linkedin.com\/company\/75737410","https:\/\/pl.pinterest.com\/fenbro_\/"]}]}},"_links":{"self":[{"href":"https:\/\/fenbro.com\/de\/wp-json\/wp\/v2\/fenbro_product\/39629","targetHints":{"allow":["GET"]}}],"collection":[{"href":"https:\/\/fenbro.com\/de\/wp-json\/wp\/v2\/fenbro_product"}],"about":[{"href":"https:\/\/fenbro.com\/de\/wp-json\/wp\/v2\/types\/fenbro_product"}],"wp:featuredmedia":[{"embeddable":true,"href":"https:\/\/fenbro.com\/de\/wp-json\/wp\/v2\/media\/31602"}],"wp:attachment":[{"href":"https:\/\/fenbro.com\/de\/wp-json\/wp\/v2\/media?parent=39629"}],"wp:term":[{"taxonomy":"fenbro_category","embeddable":true,"href":"https:\/\/fenbro.com\/de\/wp-json\/wp\/v2\/fenbro_category?post=39629"}],"curies":[{"name":"wp","href":"https:\/\/api.w.org\/{rel}","templated":true}]}}